{"id":84,"date":"2020-06-17T23:19:57","date_gmt":"2020-06-17T21:19:57","guid":{"rendered":"http:\/\/www.illevriero.it\/new\/?page_id=84"},"modified":"2025-07-23T22:34:27","modified_gmt":"2025-07-23T20:34:27","slug":"ianva","status":"publish","type":"page","link":"https:\/\/www.illevriero.it\/new\/ianva\/","title":{"rendered":"IANVA"},"content":{"rendered":"<div class=\"wp-block-image is-style-rounded\">\n<figure class=\"aligncenter size-large is-resized\"><img fetchpriority=\"high\" decoding=\"async\" width=\"670\" height=\"674\" src=\"http:\/\/www.illevriero.it\/new\/wp-content\/uploads\/2020\/06\/logositowhite-2.jpg\" alt=\"\" class=\"wp-image-87\" style=\"width:335px;height:337px\" srcset=\"https:\/\/www.illevriero.it\/new\/wp-content\/uploads\/2020\/06\/logositowhite-2.jpg 670w, https:\/\/www.illevriero.it\/new\/wp-content\/uploads\/2020\/06\/logositowhite-2-298x300.jpg 298w, https:\/\/www.illevriero.it\/new\/wp-content\/uploads\/2020\/06\/logositowhite-2-150x150.jpg 150w\" sizes=\"(max-width: 670px) 100vw, 670px\" \/><\/figure><\/div>\n\n<div class=\"wp-block-image is-style-default\">\n<figure class=\"aligncenter size-large\"><img decoding=\"async\" width=\"1024\" height=\"683\" src=\"http:\/\/www.illevriero.it\/new\/wp-content\/uploads\/2025\/07\/IMG_7011_edit-Teo-100dpi-1024x683.jpg\" alt=\"\" class=\"wp-image-652\" srcset=\"https:\/\/www.illevriero.it\/new\/wp-content\/uploads\/2025\/07\/IMG_7011_edit-Teo-100dpi-1024x683.jpg 1024w, https:\/\/www.illevriero.it\/new\/wp-content\/uploads\/2025\/07\/IMG_7011_edit-Teo-100dpi-300x200.jpg 300w, https:\/\/www.illevriero.it\/new\/wp-content\/uploads\/2025\/07\/IMG_7011_edit-Teo-100dpi-768x512.jpg 768w, https:\/\/www.illevriero.it\/new\/wp-content\/uploads\/2025\/07\/IMG_7011_edit-Teo-100dpi-1536x1024.jpg 1536w, https:\/\/www.illevriero.it\/new\/wp-content\/uploads\/2025\/07\/IMG_7011_edit-Teo-100dpi-600x400.jpg 600w, https:\/\/www.illevriero.it\/new\/wp-content\/uploads\/2025\/07\/IMG_7011_edit-Teo-100dpi-930x620.jpg 930w, https:\/\/www.illevriero.it\/new\/wp-content\/uploads\/2025\/07\/IMG_7011_edit-Teo-100dpi.jpg 1575w\" sizes=\"(max-width: 1024px) 100vw, 1024px\" \/><\/figure><\/div>\n\n\n<p><strong>FILE UNDER<\/strong>: Italian Cabaret Melodrama, Soundtrack, Dark Cabaret, Chanson \/Canzone d\u2019Autore, Folk Noir, Neoclassical<\/p>\n\n\n\n<p>IANVA nasce nel 2003 a Genova, dall&#8217;incontro di musicisti provenienti da diverse esperienze e background (Goth, Prog, Black Metal, Classica e Dark Cabaret), con l&#8217;intento comune di far rivivere sonorit\u00e0 del passato dalle atmosfere a cavallo fra anni &#8217;20\/&#8217;30\/&#8217;40, al fumoso dark cabaret, al pop orchestrale degli anni &#8217;60\/&#8217;70 mescolato a Chanson francese, Melodramma e canzone d&#8217;autore.<br>Un flusso fiammeggiante ed epico, altamente visionario, con un parco uso di sampling e che paga pegno ai pi\u00f9 grandi maestri italiani delle sonorizzazioni (Ennio Morricone, Nino Rota, Bruno Nicolai, Franco Micalizzi\u2026) pur restando inequivocabilmente personalissimo.<br>Il risultato \u00e8 un suono dal sapore r\u00e9tro che ha trovato ottimi riscontri sia tra gli appassionati del dark cabaret e neofolk pi\u00f9 elaborato e \u201csuonato\u201d, che tra gli estimatori del cantautorato italiano della sua epoca aurea, come si evidenzia dall\u2019accoglienza riservata da pubblico e stampa specializzata &#8211; sia in Italia che all\u2019estero &#8211; a tutte le release della band (da &#8220;Disobbedisco!&#8221;, sorta di semi-musical ispirato alla Fiume Dannunziana, fino a &#8220;Canone Europeo&#8221;, che vede tra gli ospiti Enrico Ruggeri).<br>L&#8217;ensemble &#8211; quasi una mini orchestra &#8211; ha portato il suo sound inequivocabilmente italiano in molti dei migliori festival europei (Wave Gotik Treffen ed. 2009, 2013, 2017 &amp; 2025, Summer Darkness 2010, Entremuralhas 2016) e luoghi di alto interesse storico e culturale (fra i tanti Speelklok Museum di Utrecht, Schauspielhaus di Lipsia, Castelo de Leiria, e soprattutto uno speciale concerto sold out all&#8217;interno de Il Vittoriale degli Italiani nel 2012 e un secondo sold out all&#8217;interno del Teatro Farnese nel 2023).<\/p>\n\n\n\n<p><br><\/p>\n\n\n\n<hr class=\"wp-block-separator has-css-opacity\"\/>\n\n\n\n<p><br>Born in Genoa, Italy, IANVA consists of eight musicians from different musical backgrounds driven by the ambition of breathing new life into the music of yesteryear, from Dark Cabaret to European Caf\u00e9s mood of the &#8217;20s, &#8217;30s and &#8217;40s.<br>Folk Noir, &#8217;60s Orchestral Pop and Chanson flow with epic and highly visual compositions laced with touches of the finest of Italian film score composers (Ennio Morricone, above all), featuring a personal style, a unique retro-flavoured m\u00e9lange with a hint of melodrama.<br>IANVA has performed live, alongside some Italian and European gigs, in some of the most important European Festivals (Wave Gotik Treffen, Summer Darkness, Entremuralhas) as well as at historic landmarks, known for cultural events &#8211; sold out concerts at \u201cIl Vittoriale Degli Italiani\u201d, Teatro Farnese, etc.<\/p>\n\n\n\n<p><\/p>\n\n\n\n<p><\/p>\n\n\n\n<div class=\"wp-block-uagb-separator uagb-block-1fd065dd\"><div class=\"wp-block-uagb-separator__inner\" style=\"--my-background-image:\"><\/div><\/div>\n\n\n\n<p><br><strong>Lineup<\/strong>:<br><br>Mercy &#8211; vocals,<br>Stefania T. D&#8217;Alterio &#8211; vocals<br>Fabio Gremo &#8211; classic guitars,<br>Fabio Carfagna &#8211; electric &amp; acoustic guitars<br>Francesco La Rosa &#8211; drums, percussions, programming<br>Azoth &#8211; electric bass<br>Luca Del Re &#8211; piano, keyboards<br>Davide La Rosa &#8211; accordion, drums<br>+ Guests<\/p>\n\n\n\n<ul class=\"wp-block-list\"><\/ul>\n\n\n\n<p><strong>Former members<\/strong>:<\/p>\n\n\n\n<p>Argento \u2013 electric &amp; acoustic guitars (2003\/2006)<br>Beppe Span\u00f2 \u2013 piano, keyboards (2005\/2020)<br><\/p>\n\n\n\n<hr class=\"wp-block-separator has-css-opacity\"\/>\n\n\n\n<h4 class=\"wp-block-heading\"><strong>DISCOGRAFIA<\/strong><\/h4>\n\n\n\n<p>\u201cLa Ballata Dell\u2019Ardito\u201d (EP \u2013 2005, &nbsp;out of print)<br>\u201cDisobbedisco!\u201d (CD Digi \u2013 2006, out of print)<br>\u201cL\u2019Occidente\u201d &nbsp;(EP \u2013 2007, out of print)<br>\u201cDisobbedisco!\u201d (CD \u2013 2008\/2010\/2013\/2017 re-releases)<br>\u201cItalia: Ultimo Atto\u201d (CD Digibook \u2013 2009, out of print)<br>\u201cItalia: Ultimo Atto\u201d (CD \u2013 2010\/12\/14 re-releases)<br>\u201cLa Mano Di Gloria\u201d (CD Digi + Slipcase \u2013 2012, out of print)<br>\u201cLa Ballata Dell\u2019Ardito \u2013 Memento X-C\u201d (Ltd. Tinbox, Gatefold LP, Digi \u2013 2015\/16)<br>\u201cCanone Europeo\u201d (CD Digi \u2013 2017)<br>&#8220;1919&#8221; (7&#8221; Gatefold Vinyl &#8211; 2019)<br>\u201cL\u2019Occidente\u201d &nbsp;(CD Digi \u2013 2023, re-release)<br><\/p>\n\n\n\n<p><em>Official Distro: Audioglobe Italy<\/em><\/p>\n\n\n\n<hr class=\"wp-block-separator has-css-opacity\"\/>\n\n\n\n<h4 class=\"wp-block-heading\"><strong>BIBLIOGRAFIA<\/strong><\/h4>\n\n\n\n<p>Renato \u201cMercy\u201d Carpaneto \u2013 \u201cLa Mano Di Gloria\u201d (Trilogia \u2013 2013, Sold out)<br><br><\/p>\n\n\n\n<hr class=\"wp-block-separator has-css-opacity\"\/>\n\n\n\n<figure class=\"wp-block-gallery has-nested-images columns-default is-cropped wp-block-gallery-1 is-layout-flex wp-block-gallery-is-layout-flex\">\n<figure class=\"wp-block-image size-large\"><img decoding=\"async\" width=\"600\" height=\"600\" data-id=\"130\" src=\"http:\/\/www.illevriero.it\/new\/wp-content\/uploads\/2020\/06\/Renato.jpg\" alt=\"\" class=\"wp-image-130\" srcset=\"https:\/\/www.illevriero.it\/new\/wp-content\/uploads\/2020\/06\/Renato.jpg 600w, https:\/\/www.illevriero.it\/new\/wp-content\/uploads\/2020\/06\/Renato-300x300.jpg 300w, https:\/\/www.illevriero.it\/new\/wp-content\/uploads\/2020\/06\/Renato-150x150.jpg 150w\" sizes=\"(max-width: 600px) 100vw, 600px\" \/><\/figure>\n\n\n\n<figure class=\"wp-block-image size-large\"><img loading=\"lazy\" decoding=\"async\" width=\"600\" height=\"600\" data-id=\"131\" src=\"http:\/\/www.illevriero.it\/new\/wp-content\/uploads\/2020\/06\/Stefania.jpg\" alt=\"\" class=\"wp-image-131\" srcset=\"https:\/\/www.illevriero.it\/new\/wp-content\/uploads\/2020\/06\/Stefania.jpg 600w, https:\/\/www.illevriero.it\/new\/wp-content\/uploads\/2020\/06\/Stefania-300x300.jpg 300w, https:\/\/www.illevriero.it\/new\/wp-content\/uploads\/2020\/06\/Stefania-150x150.jpg 150w\" sizes=\"(max-width: 600px) 100vw, 600px\" \/><\/figure>\n\n\n\n<figure class=\"wp-block-image size-large\"><img loading=\"lazy\" decoding=\"async\" width=\"600\" height=\"600\" data-id=\"127\" src=\"http:\/\/www.illevriero.it\/new\/wp-content\/uploads\/2020\/06\/Francesco.jpg\" alt=\"\" class=\"wp-image-127\" srcset=\"https:\/\/www.illevriero.it\/new\/wp-content\/uploads\/2020\/06\/Francesco.jpg 600w, https:\/\/www.illevriero.it\/new\/wp-content\/uploads\/2020\/06\/Francesco-300x300.jpg 300w, https:\/\/www.illevriero.it\/new\/wp-content\/uploads\/2020\/06\/Francesco-150x150.jpg 150w\" sizes=\"(max-width: 600px) 100vw, 600px\" \/><\/figure>\n\n\n\n<figure class=\"wp-block-image size-large\"><img loading=\"lazy\" decoding=\"async\" width=\"601\" height=\"600\" data-id=\"125\" src=\"http:\/\/www.illevriero.it\/new\/wp-content\/uploads\/2020\/06\/Carfa.jpg\" alt=\"\" class=\"wp-image-125\" srcset=\"https:\/\/www.illevriero.it\/new\/wp-content\/uploads\/2020\/06\/Carfa.jpg 601w, https:\/\/www.illevriero.it\/new\/wp-content\/uploads\/2020\/06\/Carfa-300x300.jpg 300w, https:\/\/www.illevriero.it\/new\/wp-content\/uploads\/2020\/06\/Carfa-150x150.jpg 150w\" sizes=\"(max-width: 601px) 100vw, 601px\" \/><\/figure>\n\n\n\n<figure class=\"wp-block-image size-large\"><img loading=\"lazy\" decoding=\"async\" width=\"600\" height=\"599\" data-id=\"124\" src=\"http:\/\/www.illevriero.it\/new\/wp-content\/uploads\/2020\/06\/Beppe.jpg\" alt=\"\" class=\"wp-image-124\" srcset=\"https:\/\/www.illevriero.it\/new\/wp-content\/uploads\/2020\/06\/Beppe.jpg 600w, https:\/\/www.illevriero.it\/new\/wp-content\/uploads\/2020\/06\/Beppe-300x300.jpg 300w, https:\/\/www.illevriero.it\/new\/wp-content\/uploads\/2020\/06\/Beppe-150x150.jpg 150w\" sizes=\"(max-width: 600px) 100vw, 600px\" \/><\/figure>\n\n\n\n<figure class=\"wp-block-image size-large\"><img loading=\"lazy\" decoding=\"async\" width=\"600\" height=\"600\" data-id=\"126\" src=\"http:\/\/www.illevriero.it\/new\/wp-content\/uploads\/2020\/06\/Daz.jpg\" alt=\"\" class=\"wp-image-126\" srcset=\"https:\/\/www.illevriero.it\/new\/wp-content\/uploads\/2020\/06\/Daz.jpg 600w, https:\/\/www.illevriero.it\/new\/wp-content\/uploads\/2020\/06\/Daz-300x300.jpg 300w, https:\/\/www.illevriero.it\/new\/wp-content\/uploads\/2020\/06\/Daz-150x150.jpg 150w\" sizes=\"(max-width: 600px) 100vw, 600px\" \/><\/figure>\n\n\n\n<figure class=\"wp-block-image size-large\"><img loading=\"lazy\" decoding=\"async\" width=\"600\" height=\"606\" data-id=\"129\" src=\"http:\/\/www.illevriero.it\/new\/wp-content\/uploads\/2020\/06\/Gremo.jpg\" alt=\"\" class=\"wp-image-129\" srcset=\"https:\/\/www.illevriero.it\/new\/wp-content\/uploads\/2020\/06\/Gremo.jpg 600w, https:\/\/www.illevriero.it\/new\/wp-content\/uploads\/2020\/06\/Gremo-297x300.jpg 297w\" sizes=\"(max-width: 600px) 100vw, 600px\" \/><\/figure>\n\n\n\n<figure class=\"wp-block-image size-large\"><img loading=\"lazy\" decoding=\"async\" width=\"600\" height=\"600\" data-id=\"123\" src=\"http:\/\/www.illevriero.it\/new\/wp-content\/uploads\/2020\/06\/Azoth.jpg\" alt=\"\" class=\"wp-image-123\" srcset=\"https:\/\/www.illevriero.it\/new\/wp-content\/uploads\/2020\/06\/Azoth.jpg 600w, https:\/\/www.illevriero.it\/new\/wp-content\/uploads\/2020\/06\/Azoth-300x300.jpg 300w, https:\/\/www.illevriero.it\/new\/wp-content\/uploads\/2020\/06\/Azoth-150x150.jpg 150w\" sizes=\"(max-width: 600px) 100vw, 600px\" \/><\/figure>\n\n\n\n<figure class=\"wp-block-image size-large\"><img loading=\"lazy\" decoding=\"async\" width=\"1024\" height=\"682\" data-id=\"604\" src=\"http:\/\/www.illevriero.it\/new\/wp-content\/uploads\/2023\/10\/ZZZZZZRE-2-1024x682.jpg\" alt=\"\" class=\"wp-image-604\" srcset=\"https:\/\/www.illevriero.it\/new\/wp-content\/uploads\/2023\/10\/ZZZZZZRE-2-1024x682.jpg 1024w, https:\/\/www.illevriero.it\/new\/wp-content\/uploads\/2023\/10\/ZZZZZZRE-2-300x200.jpg 300w, https:\/\/www.illevriero.it\/new\/wp-content\/uploads\/2023\/10\/ZZZZZZRE-2-768x512.jpg 768w, https:\/\/www.illevriero.it\/new\/wp-content\/uploads\/2023\/10\/ZZZZZZRE-2-600x400.jpg 600w, https:\/\/www.illevriero.it\/new\/wp-content\/uploads\/2023\/10\/ZZZZZZRE-2-930x620.jpg 930w, https:\/\/www.illevriero.it\/new\/wp-content\/uploads\/2023\/10\/ZZZZZZRE-2.jpg 1171w\" sizes=\"(max-width: 1024px) 100vw, 1024px\" \/><\/figure>\n<\/figure>\n\n\n\n<p><\/p>\n\n\n\n<p><\/p>\n\n\n\n<figure class=\"wp-block-image size-full is-resized\"><img loading=\"lazy\" decoding=\"async\" width=\"828\" height=\"814\" src=\"http:\/\/www.illevriero.it\/new\/wp-content\/uploads\/2025\/07\/ZZZZZZRE56.jpg\" alt=\"\" class=\"wp-image-654\" style=\"width:1170px;height:auto\" srcset=\"https:\/\/www.illevriero.it\/new\/wp-content\/uploads\/2025\/07\/ZZZZZZRE56.jpg 828w, https:\/\/www.illevriero.it\/new\/wp-content\/uploads\/2025\/07\/ZZZZZZRE56-300x295.jpg 300w, https:\/\/www.illevriero.it\/new\/wp-content\/uploads\/2025\/07\/ZZZZZZRE56-768x755.jpg 768w\" sizes=\"(max-width: 828px) 100vw, 828px\" \/><\/figure>\n\n\n\n<p><\/p>\n","protected":false},"excerpt":{"rendered":"<p>FILE UNDER: Italian Cabaret Melodrama, Soundtrack, Dark Cabaret, Chanson \/Canzone d\u2019Autore, Folk Noir, Neoclassical IANVA nasce nel 2003 a Genova, dall&#8217;incontro di musicisti provenienti da diverse esperienze e background (Goth, Prog, Black Metal, Classica e Dark Cabaret), con l&#8217;intento comune di far rivivere sonorit\u00e0 del passato dalle atmosfere a cavallo fra anni &#8217;20\/&#8217;30\/&#8217;40, al fumoso&hellip;&nbsp;<a href=\"https:\/\/www.illevriero.it\/new\/ianva\/\" rel=\"bookmark\">Leggi tutto &raquo;<span class=\"screen-reader-text\">IANVA<\/span><\/a><\/p>\n","protected":false},"author":2,"featured_media":0,"parent":0,"menu_order":0,"comment_status":"closed","ping_status":"closed","template":"","meta":{"_uag_custom_page_level_css":"","advgb_blocks_editor_width":"","advgb_blocks_columns_visual_guide":"","kk_blocks_editor_width":"","_kiokenblocks_attr":"","_kiokenblocks_dimensions":"","neve_meta_sidebar":"full-width","neve_meta_container":"","neve_meta_enable_content_width":"on","neve_meta_content_width":100,"neve_meta_title_alignment":"","neve_meta_author_avatar":"","neve_post_elements_order":"","neve_meta_disable_header":"","neve_meta_disable_footer":"","neve_meta_disable_title":"","_themeisle_gutenberg_block_has_review":false,"footnotes":""},"class_list":["post-84","page","type-page","status-publish","hentry"],"featured_image_src":null,"featured_image_src_square":null,"uagb_featured_image_src":{"full":false,"thumbnail":false,"medium":false,"medium_large":false,"large":false,"1536x1536":false,"2048x2048":false,"ab-block-post-grid-landscape":false,"ab-block-post-grid-square":false,"neve-blog":false},"uagb_author_info":{"display_name":"Amministratore","author_link":"https:\/\/www.illevriero.it\/new\/author\/amministratore\/"},"uagb_comment_info":0,"uagb_excerpt":"FILE UNDER: Italian Cabaret Melodrama, Soundtrack, Dark Cabaret, Chanson \/Canzone d\u2019Autore, Folk Noir, Neoclassical IANVA nasce nel 2003 a Genova, dall&#8217;incontro di musicisti provenienti da diverse esperienze e background (Goth, Prog, Black Metal, Classica e Dark Cabaret), con l&#8217;intento comune di far rivivere sonorit\u00e0 del passato dalle atmosfere a cavallo fra anni &#8217;20\/&#8217;30\/&#8217;40, al fumoso&hellip;&nbsp;Leggi&hellip;","coauthors":[],"author_meta":{"author_link":"https:\/\/www.illevriero.it\/new\/author\/amministratore\/","display_name":"Amministratore"},"relative_dates":{"created":"Pubblicato 6 anni fa","modified":"Aggiornato 9 mesi fa"},"absolute_dates":{"created":"Pubblicato il 17\/06\/2020","modified":"Aggiornato il 23\/07\/2025"},"absolute_dates_time":{"created":"Pubblicato il 17\/06\/2020 23:19","modified":"Aggiornato il 23\/07\/2025 22:34"},"featured_img_caption":"","featured_img":false,"series_order":"","_links":{"self":[{"href":"https:\/\/www.illevriero.it\/new\/wp-json\/wp\/v2\/pages\/84","targetHints":{"allow":["GET"]}}],"collection":[{"href":"https:\/\/www.illevriero.it\/new\/wp-json\/wp\/v2\/pages"}],"about":[{"href":"https:\/\/www.illevriero.it\/new\/wp-json\/wp\/v2\/types\/page"}],"author":[{"embeddable":true,"href":"https:\/\/www.illevriero.it\/new\/wp-json\/wp\/v2\/users\/2"}],"replies":[{"embeddable":true,"href":"https:\/\/www.illevriero.it\/new\/wp-json\/wp\/v2\/comments?post=84"}],"version-history":[{"count":9,"href":"https:\/\/www.illevriero.it\/new\/wp-json\/wp\/v2\/pages\/84\/revisions"}],"predecessor-version":[{"id":673,"href":"https:\/\/www.illevriero.it\/new\/wp-json\/wp\/v2\/pages\/84\/revisions\/673"}],"wp:attachment":[{"href":"https:\/\/www.illevriero.it\/new\/wp-json\/wp\/v2\/media?parent=84"}],"curies":[{"name":"wp","href":"https:\/\/api.w.org\/{rel}","templated":true}]}}