{"id":305,"date":"2020-06-25T21:59:13","date_gmt":"2020-06-25T19:59:13","guid":{"rendered":"http:\/\/www.illevriero.it\/new\/?page_id=305"},"modified":"2020-06-25T21:59:14","modified_gmt":"2020-06-25T19:59:14","slug":"testi-disobbedisco","status":"publish","type":"page","link":"https:\/\/www.illevriero.it\/new\/testi-disobbedisco\/","title":{"rendered":"TESTI &#8211; Disobbedisco!"},"content":{"rendered":"\n<div class=\"wp-block-cover has-background-dim\" style=\"background-image:url(http:\/\/www.illevriero.it\/new\/wp-content\/uploads\/2020\/06\/lyrics-e1592682894479.jpg)\"><div class=\"wp-block-cover__inner-container is-layout-flow wp-block-cover-is-layout-flow\">\n<p class=\"has-text-align-center has-large-font-size\"><strong><span class=\"has-inline-color has-neve-button-color-color\">DISOBBEDISCO!<span class=\"has-inline-color has-neve-button-color-color\"><\/span><\/span><\/strong><\/p>\n\n\n\n<p class=\"has-text-align-center has-large-font-size\"><strong><span class=\"has-inline-color has-neve-button-color-color\">Testi<\/span><\/strong><\/p>\n<\/div><\/div>\n\n\n\n<div style=\"height:100px\" aria-hidden=\"true\" class=\"wp-block-spacer\"><\/div>\n\n\n\n<div class=\"wp-block-image\"><figure class=\"aligncenter size-large\"><img fetchpriority=\"high\" decoding=\"async\" width=\"300\" height=\"300\" src=\"http:\/\/www.illevriero.it\/new\/wp-content\/uploads\/2020\/06\/diso2005_600x600-e1592511371524.jpg\" alt=\"\" class=\"wp-image-74\"\/><\/figure><\/div>\n\n\n<h4>\u00a0<\/h4>\n<h4>\u00a0<\/h4>\n<h4>LA BALLATA DELL&#8217;ARDITO<\/h4>\n<p>Dividendo l\u2019acquavite ed il mio trinciato forte<br \/>Sopra l\u2019altipiano all\u2019alba,<br \/>Io e un tenente prigioniero sprofondammo nel silenzio<br \/>Di quell\u2019invernale calma.<br \/>L\u2019aria tersa delle vette non recava quel fetore<br \/>Ch\u2019era a entrambi familiare,<br \/>D\u2019un\u2019Europa di vent\u2019anni presa nel filo spinato,<br \/>A marcir come il letame&#8230;<\/p>\n<p>Ma se vi ho guidato \u00e8 perch\u00e9 ero disperato,<br \/>Non intrepida irruenza, ma solo indifferenza.<br \/>E se mai fui Ardito, fu solo perch\u00e9 ferito<br \/>Ero da tempo e attendevo il momento<br \/>Dell\u2019estremo congedo, del definitivo Credo<br \/>Di chi mai sent\u00ec giusto null\u2019altro che il disgusto&#8230;<\/p>\n<p>La battaglia del Solstizio s\u2019annunci\u00f2 con un tremendo<br \/>Rombo lungo tutto il fronte<br \/>Un buon giorno per morire, proprio quello che pi\u00f9 a lungo<br \/>La sua luce al mondo infonde.<br \/>Li portai fuori cantando versi amari di condanna<br \/>Imparati in angiporto,<br \/>Confidando che la sorte raccogliendoci a manciate<br \/>Almeno raddrizzasse un torto.<\/p>\n<p>Ma se fummo chiamati eroi ed encomiati<br \/>La trattativa il sangue scherniva,<br \/>E per tutti coloro che divennero concime<br \/>Un regio dispaccio di cordoglio vile.<br \/>Cos\u00ec presi licenza di sfidare la potenza<br \/>Non pi\u00f9 di avversari che sanguinavano al pari,<br \/>Ma della mano che ordisce, in sicurezza e con decoro,<br \/>E strangola i popoli con catene d\u2019oro.<br \/>Adesso ad un solo Superiore eternamente<br \/>Vado cercando udienza:<br \/>\u201cMaggiore Renzi, presente!\u201d<\/p>\n<p>\u00a0<\/p>\n<p>\u00a0<\/p>\n\n\n<hr class=\"wp-block-separator\"\/>\n\n\n<h4>\u00a0<\/h4>\n<h4>VITTORIA MUTILATA<\/h4>\n<p>Ti ricordi il nostro anteguerra?<br \/>Sembra quasi impossibile, ora<br \/>Si credesse davvero la Terra<br \/>Luogo migliorabile ancora\u2026<br \/>\u201cGuerra sola igiene del mondo\u201d, dicevi<br \/>E su tutto la convinzione<br \/>Che la militanza non fosse che Arte<br \/>E che l\u2019Arte non fosse che Azione\u2026<\/p>\n<p>Amico mio,<br \/>Quanta castroneria in noi<br \/>(Che lungo addio\u2026)<br \/>Che lungo addio che la guerra fu per noi<br \/>All\u2019utopia\u2026<\/p>\n<p>Appena il tempo di vedere la realt\u00e0<br \/>Brucia una generazione<br \/>Appena liquidata un\u2019autorit\u00e0<br \/>Ecco un nuovo padrone<br \/>Con questo suicidio d\u2019una civilt\u00e0<br \/>Nello scempio e nell\u2019orrore<br \/>Un vecchio mondo ingiusto crolla e se ne va<br \/>Ma ne avanza uno peggiore,<br \/>Peggiore\u2026<\/p>\n<p>Ora \u00e8 chiaro a cosa \u00e8 servito,<br \/>Ed \u00e8 ancora pi\u00f9 chiaro chi \u00e8 stato<br \/>A sbancare quel tavolo verde che ora<br \/>Rosso sangue \u00e8 diventato.<br \/>Sospinti dal soffio dell\u2019oro quei bari<br \/>Dell\u2019autodeterminazione<br \/>Ci assegnano un ruolo da sgherri dismessi<br \/>Ora zitti, e via dai coglioni!<br \/>Amico mio,<br \/>Quante risposte che non ho<br \/>(Ma il sangue mio\u2026)<br \/>Ma il sangue mio<br \/>E\u2019 il solo conio che potr\u00f2<br \/>Battere\u2026<\/p>\n<p>Un solo grido \u201cHic Manebimus Optime!\u201d<br \/>No, noi non smobilitiamo<br \/>Un solo gesto \u201cAudere Semper!\u201d, altro non c\u2019\u00e8<br \/>Le armi noi non deponiamo.<br \/>E restiamo,<br \/>Restiamo<br \/>Restiamo\u2026.<\/p>\n<p>\u00a0<\/p>\n<p>\u00a0<\/p>\n\n\n<hr class=\"wp-block-separator\"\/>\n\n\n<h4>\u00a0<\/h4>\n<h4><span class=\"edgtf-tab-title\"><span class=\"edgtf-tab-title-inner\">XII \u2013 IX \u2013 MCMXIX: DI NUOVO IN ARMI!<br \/><\/span><\/span><\/h4>\n<p>Ad oriente ogni aurora appiccava un magnifico incendio<br \/>Che talvolta un nero andare di nubi incupiva.<br \/>Si scherzava con le bombe a mano, come fossero una cosa viva,<br \/>Bestie di casa le cui reazioni fino in fondo non puoi prevedere.<br \/>Ma le femmine si concedevano pi\u00f9 volentieri<br \/>A coloro a cui meno importava morire!<\/p>\n<p>C\u2019erano casse di cognac e di munizioni,<br \/>C\u2019erano gerani e bandiere a tutti i balconi,<br \/>C\u2019erano guerci con folgori nell\u2019unico occhio,<br \/>Eroi, guitti, tribuni acclamati ad ogni crocicchio<\/p>\n<p>Di nuovo in armi! Di nuovo in armi! Di nuovo in armi!<\/p>\n<p>Obbedire all\u2019Amore \u00e8 il novissimo imperativo.<br \/>Non turarsi il naso al fetore di una pace che offende,<br \/>Farsi beffe col gesto impulsivo di chi a un tempo desidera e prende,<br \/>E pisciare su decreti voluti da vecchi usurai.<br \/>E su orditi a misura di boia, di contabili e baciapile<br \/>Che al volo dell\u2019aquila hanno sempre preferito l\u2019ovile<\/p>\n<p>C\u2019erano canzoni, e per ogni canzone una donna,<br \/>C\u2019erano illusionisti, ma non c\u2019era inganno,<br \/>C\u2019erano ragazzi dal formidabile cuore:<br \/>Si scatenava l\u2019amplesso tra Musa e Furore!<\/p>\n<p>Di nuovo in armi!<br \/>Di nuovo in armi!<br \/>Di nuovo in armi!<\/p>\n<p>\u00a0<\/p>\n<p>\u00a0<\/p>\n\n\n<hr class=\"wp-block-separator\"\/>\n\n\n<h4>\u00a0<\/h4>\n<h4>TANGO DELLA MENADE<\/h4>\n<p>Per te<br \/>Dovrei essere Kali<br \/>La Dea<br \/>Madre di mille pugnali<br \/>Dovrei<br \/>Trovare un macabro gusto<br \/>A recar la tua testa<br \/>Spiccata dal busto&#8230;<br \/>Ero il plenario sanguinare<br \/>Che macella la Ragione<br \/>E di Dioniso la torcia.<br \/>Ora, invece, son qua<br \/>Come Lupa domata<br \/>A morire per te.<\/p>\n<p><br \/>Di Menade \u00e8 il tango che ascolti<br \/>Trascinato dai venti&#8230;<\/p>\n<p>Per te<br \/>Iniziatrice sar\u00f2<br \/>Sovrana altera e schiava,<br \/>Sia d\u2019Arcadia o di Giava<br \/>Quel dio rinnegher\u00f2.<br \/>Sono rubino e veneficio<br \/>E ancora spira di serpente,<br \/>E sono chioma di Medusa.<br \/>Poi d\u2019un tratto mi scopro<br \/>Trepidante in attesa<br \/>Tu sai bene di che\u2026<\/p>\n<p>Tu che sei salso come il mare<br \/>Al mio palato, o militare<br \/>Fonte pulita da cui bere<br \/>Per riconsacrare<br \/>L\u2019Inconnue redenta<br \/>Che s\u2019affaccia in me<\/p>\n<p>Di Menade \u00e8 il tango che ascolti<br \/>Trascinato dai venti&#8230;<\/p>\n<p>Perch\u00e9<br \/>Luna nuova sar\u00f2<br \/>Meretrice e poi Santa<br \/>E la mia malapianta<br \/>In giglio io muter\u00f2<br \/>Trascino innanzi la mia piaga<br \/>Tra l\u2019inanit\u00e0 e i silenzi,<br \/>Ma stupisci e ascolta, Renzi:<br \/>Finch\u00e9 ho un filo di fiato<br \/>Il mio canto infuocato<br \/>Per te lever\u00f2\u2026<\/p>\n<p>\u00a0<\/p>\n<p>\u00a0<\/p>\n\n\n<hr class=\"wp-block-separator\"\/>\n\n\n<h4>\u00a0<\/h4>\n<h4>PER NON DORMIRE<\/h4>\n<p>E\u2019 accaduto qualcosa di davvero singolare,<br \/>Per dirla fino in fondo una pessima questione.<br \/>Sedetevi, tenente, ho bisogno di parlare:<br \/>Confido nella vostra discrezione.<\/p>\n<p>Vi \u00e8 mai capitato di avere un nemico<br \/>Che presta ascolto a quella stessa voce<br \/>Che vi frusta dentro come fosse vento, pur portando una diversa croce?<br \/>Se poi questo nemico ha la stolida saggezza,<br \/>Invincibile, della Femmina Ancestrale<br \/>E vi fa conoscere il sapore della beffa e l\u2019istinto alla caccia pi\u00f9 brutale.<\/p>\n<p>Io so che lei \u00e8 stata l\u00e0,<br \/>In luoghi dove io non ho mai osato addentrarmi perch\u00e9<br \/>Ho avuto paura di essere un Re.<br \/>E poi so bene perch\u00e9<br \/>Questo offende Dio,<br \/>Perch\u00e9 in un istante la sua vita e la mia<br \/>Saranno fuoco e poi cenere.<\/p>\n<p>Voi comprendete, siamo uomini del resto,<br \/>L\u2019incendio e il furore che solleva<br \/>Sentire che la Causa si fa pretesto per braccare una personale preda<br \/>Che lascia dietro s\u00e9 una scia<br \/>Torrida come l\u2019estate Egea,<br \/>Da arcaico sole nasce la sua vite<br \/>E l\u2019ebbrezza gi\u00e0 si fa marea.<\/p>\n<p>Lo so&#8230; Tacete perch\u00e9<br \/>Non vi sembro io e, forse, provate anche pena di me,<br \/>Ma non si pu\u00f2 arrestare la folgore.<br \/>Cos\u00ec&#8230; Ora ditemi voi<br \/>Che dovrei fare io?<br \/>Quale soluzione adottare con Lei<br \/>Che folgore \u00e9 gi\u00e0 nel nome: Elettra!<\/p>\n<p>\u00a0<\/p>\n<p>\u00a0<\/p>\n\n\n<hr class=\"wp-block-separator\"\/>\n\n\n<h4>\u00a0<\/h4>\n<h4>FUOCO A FIUME<\/h4>\n<p>Non \u00e8 come sprofondare<br \/>Nella gora che accudisce,<br \/>E chi frequenta l\u2019oppio<br \/>Fino in fondo ben conosce.<br \/>Non \u00e8 scossa di morfina<br \/>Nelle vene in un crescendo,<br \/>Come mandria di cavalli<br \/>Resa folle da un incendio.<br \/>Vorrei che tu mi avvolgessi<br \/>Con premure, con amore<br \/>Dentro ad ingiallite bende<br \/>E mi donassi quel dolore<br \/>Che sa di vecchi orfanotrofi,<br \/>Di altalene rugginose,<br \/>Come foglie in braccio al vento<br \/>Nei tramonti, quando \u00e8 ottobre.<\/p>\n<p>Vorrei un rosario da sgranare<br \/>Mentre sul mio volto l\u2019ombra<br \/>Di un reticolo di sbarre<br \/>Fa suggello a questa tomba.<br \/>Il mio sguardo ancora mendica,<br \/>Mentre si protende in alto,<br \/>D\u2019esser perdonata e tratta<br \/>Fuori dal tuo braccio al fianco.<\/p>\n<p>Non volermene mio Amico,<br \/>Pensa che la mia condanna<br \/>Io la sconter\u00f2 vivendo,<br \/>Scivolando senza dramma<br \/>Dentro un tetro camposanto<br \/>Di siringhe e contenzioni,<br \/>Dov\u2019\u00e8 il mio stesso rimpianto<br \/>Che processa le intenzioni.<\/p>\n<p>Dove il fuoco che ci arde<br \/>Non si estingue con l\u2019Idea,<br \/>E lo scrigno dei ricordi<br \/>Tutto informa e nulla crea.<br \/>Dove l\u2019urlo di battaglia<br \/>Che s\u2019infuria contro il sole<br \/>Pare un\u2019eco fredda e morta<br \/>Di passate ere d\u2019Amore\u2026<\/p>\n<p>\u00a0<\/p>\n<p>\u00a0<\/p>\n\n\n<hr class=\"wp-block-separator\"\/>\n\n\n<h4>\u00a0<\/h4>\n<h4>MURI D&#8217;ASSENZIO<\/h4>\n<p>Muri d\u2019assenzio dentro di noi,<br \/>Sorgeva un alba livida.<br \/>Dal fronte del porto il fuoco inizi\u00f2,<br \/>Sgomenti e scaltri sguardi che<br \/>Ci si scambi\u00f2.<br \/>Ma non si trem\u00f2, bench\u00e9 sbronzi.<\/p>\n<p>Una compagine strana, la Legione Fiumana,<br \/>Con l\u2019ardore incosciente che trascende il presente,<br \/>Gioia, bestemmia e abbandono in un unico dono,<br \/>Che degnifica al pari Patria e donne volgari.<\/p>\n<p>Per\u00f2 di quante tormente sono stato sorgente,<br \/>Sul bordo di quanti vulcani mi sono bruciato le mani,<br \/>Quali alcove agognate nottetempo ho violate,<br \/>Vita come incursione e sedurre \u00e8 un\u2019opzione.<\/p>\n<p>Muri d\u2019assenzio e tabacco per noi.<br \/>Quel forte e buon macedone,<br \/>Un sogno che sfuma nel piombo, si sa,<br \/>Val bene un\u2019avanguardia estetica,<br \/>Ma ora \u00e8 la Realt\u00e0 \u2026 All\u2019armi!<\/p>\n<p>Ma gi\u00e0 l\u2019artiglieria il sogno spazzava via.<br \/>Tra la folla impazzita io la scorsi, smarrita.<br \/>La bruna avventuriera con la bocca da fiera,<br \/>Disse: \u201cMaggiore, io resto. Dove \u00e8 Lei l\u00ec \u00e8 il mio posto\u201d.<br \/>Ed io: \u201cSi metta in salvo, tra un po\u2019 qui far\u00e0 caldo\u201d.<br \/>Ci fu un unico bacio, ne ebbi il sangue incendiato,<br \/>\u201cOra vada, perdio! Che qui \u00e8 affare mio,<br \/>E, se il Cielo ci assiste, ci vedremo a Trieste\u201d.<\/p>\n<p>Col suo profumo ancora nelle nari<br \/>Incontrai il mio destino con tanti miei pari,<br \/>E un\u2019 infilata di \u201cfuoco fratello\u201d<br \/>Mi colse di schiena e mi snud\u00f2 il cervello\u2026<\/p>\n<p>\u00a0<\/p>\n\n\n<p><\/p>\n","protected":false},"excerpt":{"rendered":"<p>\u00a0 \u00a0 LA BALLATA DELL&#8217;ARDITO Dividendo l\u2019acquavite ed il mio trinciato forteSopra l\u2019altipiano all\u2019alba,Io e un tenente prigioniero sprofondammo nel silenzioDi quell\u2019invernale calma.L\u2019aria tersa delle vette non recava quel fetoreCh\u2019era a entrambi familiare,D\u2019un\u2019Europa di vent\u2019anni presa nel filo spinato,A marcir come il letame&#8230; Ma se vi ho guidato \u00e8 perch\u00e9 ero disperato,Non intrepida irruenza, ma&hellip;&nbsp;<a href=\"https:\/\/www.illevriero.it\/new\/testi-disobbedisco\/\" rel=\"bookmark\">Leggi tutto &raquo;<span class=\"screen-reader-text\">TESTI &#8211; Disobbedisco!<\/span><\/a><\/p>\n","protected":false},"author":2,"featured_media":0,"parent":0,"menu_order":0,"comment_status":"closed","ping_status":"closed","template":"","meta":{"_uag_custom_page_level_css":"","advgb_blocks_editor_width":"","advgb_blocks_columns_visual_guide":"","kk_blocks_editor_width":"","_kiokenblocks_attr":"","_kiokenblocks_dimensions":"","neve_meta_sidebar":"","neve_meta_container":"","neve_meta_enable_content_width":"off","neve_meta_content_width":0,"neve_meta_title_alignment":"","neve_meta_author_avatar":"","neve_post_elements_order":"","neve_meta_disable_header":"","neve_meta_disable_footer":"","neve_meta_disable_title":"","_themeisle_gutenberg_block_has_review":false,"footnotes":""},"class_list":["post-305","page","type-page","status-publish","hentry"],"featured_image_src":null,"featured_image_src_square":null,"uagb_featured_image_src":{"full":false,"thumbnail":false,"medium":false,"medium_large":false,"large":false,"1536x1536":false,"2048x2048":false,"ab-block-post-grid-landscape":false,"ab-block-post-grid-square":false,"neve-blog":false},"uagb_author_info":{"display_name":"Amministratore","author_link":"https:\/\/www.illevriero.it\/new\/author\/amministratore\/"},"uagb_comment_info":0,"uagb_excerpt":"\u00a0 \u00a0 LA BALLATA DELL&#8217;ARDITO Dividendo l\u2019acquavite ed il mio trinciato forteSopra l\u2019altipiano all\u2019alba,Io e un tenente prigioniero sprofondammo nel silenzioDi quell\u2019invernale calma.L\u2019aria tersa delle vette non recava quel fetoreCh\u2019era a entrambi familiare,D\u2019un\u2019Europa di vent\u2019anni presa nel filo spinato,A marcir come il letame&#8230; Ma se vi ho guidato \u00e8 perch\u00e9 ero disperato,Non intrepida irruenza, ma&hellip;&nbsp;Leggi&hellip;","coauthors":[],"author_meta":{"author_link":"https:\/\/www.illevriero.it\/new\/author\/amministratore\/","display_name":"Amministratore"},"relative_dates":{"created":"Pubblicato 6 anni fa","modified":"Aggiornato 6 anni fa"},"absolute_dates":{"created":"Pubblicato il 25\/06\/2020","modified":"Aggiornato il 25\/06\/2020"},"absolute_dates_time":{"created":"Pubblicato il 25\/06\/2020 21:59","modified":"Aggiornato il 25\/06\/2020 21:59"},"featured_img_caption":"","featured_img":false,"series_order":"","_links":{"self":[{"href":"https:\/\/www.illevriero.it\/new\/wp-json\/wp\/v2\/pages\/305","targetHints":{"allow":["GET"]}}],"collection":[{"href":"https:\/\/www.illevriero.it\/new\/wp-json\/wp\/v2\/pages"}],"about":[{"href":"https:\/\/www.illevriero.it\/new\/wp-json\/wp\/v2\/types\/page"}],"author":[{"embeddable":true,"href":"https:\/\/www.illevriero.it\/new\/wp-json\/wp\/v2\/users\/2"}],"replies":[{"embeddable":true,"href":"https:\/\/www.illevriero.it\/new\/wp-json\/wp\/v2\/comments?post=305"}],"version-history":[{"count":1,"href":"https:\/\/www.illevriero.it\/new\/wp-json\/wp\/v2\/pages\/305\/revisions"}],"predecessor-version":[{"id":306,"href":"https:\/\/www.illevriero.it\/new\/wp-json\/wp\/v2\/pages\/305\/revisions\/306"}],"wp:attachment":[{"href":"https:\/\/www.illevriero.it\/new\/wp-json\/wp\/v2\/media?parent=305"}],"curies":[{"name":"wp","href":"https:\/\/api.w.org\/{rel}","templated":true}]}}