{"id":181,"date":"2020-06-20T22:26:53","date_gmt":"2020-06-20T20:26:53","guid":{"rendered":"http:\/\/www.illevriero.it\/new\/?page_id=181"},"modified":"2020-07-03T21:37:04","modified_gmt":"2020-07-03T19:37:04","slug":"testi-la-ballata-dellardito","status":"publish","type":"page","link":"https:\/\/www.illevriero.it\/new\/testi-la-ballata-dellardito\/","title":{"rendered":"TESTI &#8211; La Ballata Dell&#8217;Ardito"},"content":{"rendered":"\n<div class=\"wp-block-cover has-background-dim\" style=\"background-image:url(http:\/\/www.illevriero.it\/new\/wp-content\/uploads\/2020\/06\/lyrics-e1592682894479.jpg)\"><div class=\"wp-block-cover__inner-container is-layout-flow wp-block-cover-is-layout-flow\">\n<p class=\"has-text-align-center has-large-font-size\"><span class=\"has-inline-color has-neve-button-color-color\"><strong>LA BALLATA DELL&#8217;ARDITO <\/strong><\/span><\/p>\n\n\n\n<p class=\"has-text-align-center has-large-font-size\"><span class=\"has-inline-color has-neve-button-color-color\"><strong>Testi<\/strong><\/span><\/p>\n<\/div><\/div>\n\n\n\n<div style=\"height:100px\" aria-hidden=\"true\" class=\"wp-block-spacer\"><\/div>\n\n\n\n<div class=\"wp-block-image\"><figure class=\"aligncenter size-large\"><img fetchpriority=\"high\" decoding=\"async\" width=\"300\" height=\"300\" src=\"http:\/\/www.illevriero.it\/new\/wp-content\/uploads\/2020\/06\/ardito2005.jpg\" alt=\"\" class=\"wp-image-73\" srcset=\"https:\/\/www.illevriero.it\/new\/wp-content\/uploads\/2020\/06\/ardito2005.jpg 300w, https:\/\/www.illevriero.it\/new\/wp-content\/uploads\/2020\/06\/ardito2005-150x150.jpg 150w\" sizes=\"(max-width: 300px) 100vw, 300px\" \/><figcaption><br><\/figcaption><\/figure><\/div>\n\n\n<h4>&nbsp;<\/h4>\n<h4>&nbsp;<\/h4>\n<h4>LA BALLATA DELL&#8217;ARDITO<\/h4>\n<p>Dividendo l\u2019acquavite ed il mio trinciato forte<br>Sopra l\u2019altipiano all\u2019alba,<br>Io e un tenente prigioniero sprofondammo nel silenzio<br>Di quell\u2019invernale calma.<br>L\u2019aria tersa delle vette non recava quel fetore<br>Ch\u2019era a entrambi familiare,<br>D\u2019un\u2019Europa di vent\u2019anni presa nel filo spinato,<br>A marcir come il letame&#8230;<\/p>\n<p>Ma se vi ho guidato \u00e8 perch\u00e9 ero disperato,<br>Non intrepida irruenza, ma solo indifferenza.<br>E se mai fui Ardito, fu solo perch\u00e9 ferito<br>Ero da tempo e attendevo il momento<br>Dell\u2019estremo congedo, del definitivo Credo<br>Di chi mai sent\u00ec giusto null\u2019altro che il disgusto&#8230;<\/p>\n<p>La battaglia del Solstizio s\u2019annunci\u00f2 con un tremendo<br>Rombo lungo tutto il fronte<br>Un buon giorno per morire, proprio quello che pi\u00f9 a lungo<br>La sua luce al mondo infonde.<br>Li portai fuori cantando versi amari di condanna<br>Imparati in angiporto,<br>Confidando che la sorte raccogliendoci a manciate<br>Almeno raddrizzasse un torto.<\/p>\n<p>Ma se fummo chiamati eroi ed encomiati<br>La trattativa il sangue scherniva,<br>E per tutti coloro che divennero concime<br>Un regio dispaccio di cordoglio vile.<br>Cos\u00ec presi licenza di sfidare la potenza<br>Non pi\u00f9 di avversari che sanguinavano al pari,<br>Ma della mano che ordisce, in sicurezza e con decoro,<br>E strangola i popoli con catene d\u2019oro.<br>Adesso ad un solo Superiore eternamente<br>Vado cercando udienza:<br>\u201cMaggiore Renzi, presente!\u201d<\/p>\n\n\n<hr class=\"wp-block-separator\"\/>\n\n\n<h4>&nbsp;<\/h4>\n<h4>UN SOGNO D&#8217;ELETTRA<\/h4>\n<p>Dai fumi d\u2019incenso un sogno avanza \u2014<br>Miraggio di te.<br>Contro la tua immagine \u00e8 impotente la stanchezza,<br>Inutile del laudano \u00e8 la solita carezza \u2014<br>Dimmi perch\u00e9:<br>Tu sai di sangue e piombo, penetri il mio mondo<br>Come quella pura lama dell\u2019 Arcangelo Michele,<br>Ma dietro te un dio pi\u00f9 antico chiama&#8230;<br>Con la tua uniforme, mio Soldato<br>Mi sembri un Re, d\u2019oro e fuoco adornato<br>Non \u00e8 solo per lei che t&#8217;ho notato \u2014<br>E\u2019 l&#8217;Uomo che mi fa cadere&#8230;<\/p>\n<p>Oh, perdonate l\u2019ardire, Signora<br>Ma non resistevo oltre.<br>So che per voi potrei forse morire<br>Certo, ma meglio che al fronte!<br>Oh, schiudetemi l\u2019antro dell&#8217;oppio<br>L\u2019ambrosia che accelera il cuore,<br>Ch\u00e9 tra due giorni torner\u00f2 in quell\u2019inferno,<br>O mi diranno \u201cDisertore!\u201d<\/p>\n<p>Tocca la Follia ora, \u00e8 generosa<br>Per stanotte non occorre domandare.<br>E\u00b0 una sinfonia nera, ma preziosa,<br>Vedrai che anche l&#8217;Abisso pu\u00f2 curare&#8230;<br>Mais vous \u00e9tes si loin, vous \u00e9tes si loin&#8230;<\/p>\n<p>Oh, conquistami bell\u2019Ufficiale<br>Stanotte \u00e8 la nostra occasione,<br>Avrai qualcosa da ricordare<br>L\u00e0, tra i colpi di cannone!<br>Oh, tienimi stretta Maggiore,<br>Prendimi ancora pi\u00f9 forte!<br>Non \u00e8 nulla ma certamente<br>Io so di abbracciare la Morte&#8230;<\/p>\n<p>SI loin, si loin, mais vous \u00e9tes si loin&#8230;<\/p>","protected":false},"excerpt":{"rendered":"<p>&nbsp; &nbsp; LA BALLATA DELL&#8217;ARDITO Dividendo l\u2019acquavite ed il mio trinciato forteSopra l\u2019altipiano all\u2019alba,Io e un tenente prigioniero sprofondammo nel silenzioDi quell\u2019invernale calma.L\u2019aria tersa delle vette non recava quel fetoreCh\u2019era a entrambi familiare,D\u2019un\u2019Europa di vent\u2019anni presa nel filo spinato,A marcir come il letame&#8230; Ma se vi ho guidato \u00e8 perch\u00e9 ero disperato,Non intrepida irruenza, ma&hellip;&nbsp;<a href=\"https:\/\/www.illevriero.it\/new\/testi-la-ballata-dellardito\/\" rel=\"bookmark\">Leggi tutto &raquo;<span class=\"screen-reader-text\">TESTI &#8211; La Ballata Dell&#8217;Ardito<\/span><\/a><\/p>\n","protected":false},"author":3,"featured_media":0,"parent":0,"menu_order":0,"comment_status":"closed","ping_status":"closed","template":"","meta":{"_uag_custom_page_level_css":"","advgb_blocks_editor_width":"","advgb_blocks_columns_visual_guide":"","kk_blocks_editor_width":"","_kiokenblocks_attr":"","_kiokenblocks_dimensions":"","neve_meta_sidebar":"","neve_meta_container":"","neve_meta_enable_content_width":"off","neve_meta_content_width":0,"neve_meta_title_alignment":"","neve_meta_author_avatar":"","neve_post_elements_order":"","neve_meta_disable_header":"","neve_meta_disable_footer":"","neve_meta_disable_title":"","_themeisle_gutenberg_block_has_review":false,"footnotes":""},"class_list":["post-181","page","type-page","status-publish","hentry"],"featured_image_src":null,"featured_image_src_square":null,"uagb_featured_image_src":{"full":false,"thumbnail":false,"medium":false,"medium_large":false,"large":false,"1536x1536":false,"2048x2048":false,"ab-block-post-grid-landscape":false,"ab-block-post-grid-square":false,"neve-blog":false},"uagb_author_info":{"display_name":"Il Levriero Staff","author_link":"https:\/\/www.illevriero.it\/new\/author\/il-levriero-staff\/"},"uagb_comment_info":0,"uagb_excerpt":"&nbsp; &nbsp; LA BALLATA DELL&#8217;ARDITO Dividendo l\u2019acquavite ed il mio trinciato forteSopra l\u2019altipiano all\u2019alba,Io e un tenente prigioniero sprofondammo nel silenzioDi quell\u2019invernale calma.L\u2019aria tersa delle vette non recava quel fetoreCh\u2019era a entrambi familiare,D\u2019un\u2019Europa di vent\u2019anni presa nel filo spinato,A marcir come il letame&#8230; Ma se vi ho guidato \u00e8 perch\u00e9 ero disperato,Non intrepida irruenza, ma&hellip;&nbsp;Leggi&hellip;","coauthors":[],"author_meta":{"author_link":"https:\/\/www.illevriero.it\/new\/author\/il-levriero-staff\/","display_name":"Il Levriero Staff"},"relative_dates":{"created":"Pubblicato 6 anni fa","modified":"Aggiornato 6 anni fa"},"absolute_dates":{"created":"Pubblicato il 20\/06\/2020","modified":"Aggiornato il 03\/07\/2020"},"absolute_dates_time":{"created":"Pubblicato il 20\/06\/2020 22:26","modified":"Aggiornato il 03\/07\/2020 21:37"},"featured_img_caption":"","featured_img":false,"series_order":"","_links":{"self":[{"href":"https:\/\/www.illevriero.it\/new\/wp-json\/wp\/v2\/pages\/181","targetHints":{"allow":["GET"]}}],"collection":[{"href":"https:\/\/www.illevriero.it\/new\/wp-json\/wp\/v2\/pages"}],"about":[{"href":"https:\/\/www.illevriero.it\/new\/wp-json\/wp\/v2\/types\/page"}],"author":[{"embeddable":true,"href":"https:\/\/www.illevriero.it\/new\/wp-json\/wp\/v2\/users\/3"}],"replies":[{"embeddable":true,"href":"https:\/\/www.illevriero.it\/new\/wp-json\/wp\/v2\/comments?post=181"}],"version-history":[{"count":7,"href":"https:\/\/www.illevriero.it\/new\/wp-json\/wp\/v2\/pages\/181\/revisions"}],"predecessor-version":[{"id":203,"href":"https:\/\/www.illevriero.it\/new\/wp-json\/wp\/v2\/pages\/181\/revisions\/203"}],"wp:attachment":[{"href":"https:\/\/www.illevriero.it\/new\/wp-json\/wp\/v2\/media?parent=181"}],"curies":[{"name":"wp","href":"https:\/\/api.w.org\/{rel}","templated":true}]}}