{"id":173,"date":"2020-06-20T17:00:49","date_gmt":"2020-06-20T15:00:49","guid":{"rendered":"http:\/\/www.illevriero.it\/new\/?page_id=173"},"modified":"2020-07-02T23:17:48","modified_gmt":"2020-07-02T21:17:48","slug":"la-mano-di-gloria","status":"publish","type":"page","link":"https:\/\/www.illevriero.it\/new\/la-mano-di-gloria\/","title":{"rendered":"LA MANO DI GLORIA"},"content":{"rendered":"<p><img fetchpriority=\"high\" decoding=\"async\" class=\"alignnone size-medium wp-image-115\" src=\"http:\/\/www.illevriero.it\/new\/wp-content\/uploads\/2020\/06\/MDGinside_600x600-300x300.jpg\" alt=\"\" width=\"300\" height=\"300\"><\/p>\n<div class=\"edgtf-album-details-holder\">\n<div class=\"edgtf-album-details edgtf-album-artists\"><strong>Artist:<\/strong> IANVA<\/div>\n<div class=\"edgtf-album-details edgtf-album-labels\"><strong>Label:<\/strong> Antica Fonografia Il Levriero<br><strong>Tipologia:<\/strong> Digibook CD + Slipcase<\/div>\n<div class=\"edgtf-album-details edgtf-album-date\"><strong>Release Date:<\/strong> 02\/06\/2012<\/div>\n<div class=\"edgtf-album-details edgtf-album-genres\"><strong>Genres:<\/strong> Chanson, Dark Cabaret, Italian, Italian Cabaret Melodrama, Martial, Neofolk, Neoclassical, Old Fashioned, Songwriter, Soundtrack<p><\/p>\n<\/div>\n<div class=\"edgtf-album-details edgtf-album-people\"><strong>Personnel&nbsp;<\/strong> <br>Mercy: voce, liriche, musiche, concepto (tratto dala trilogia &#8220;<em>La Mano Di Gloria<\/em>&#8220;), arrangiamenti, cori <br>Stefania T. D\u2019Alterio: voce, cori<br>Fabio Carfagna: chitarra acustica, chitarra elettrica, musiche, cori<br>Francesco La Rosa: percussioni d\u2019ogni sorta, programmazione macchine, musiche <br>Fabio Gremo: chitarra classica, musiche, orchestrazioni, arrangiamenti, cori <br>Beppe Span\u00f2: pianoforte, mellotron, harmonium, cori <br>Azoth: basso elettrico <br>Davide La Rosa: fisarmonica, tablas, cori<\/div>\n<div>Gianluca Virdis: tromba<\/div>\n<div class=\"edgtf-album-details edgtf-album-people\">\n<p><strong>Guests:<\/strong> <br>Volgar dei Xacrestiani (voce recitante ne &#8220;<em>La Mano Di Gloria<\/em>&#8220;)<br>Gerhard Hallstatt (voce in &#8220;<em>Edelweiss<\/em>&#8220;)<br>Frank Machau (voce in &#8220;<em>Edelweiss<\/em>&#8220;)<br>Gregorio Bardini (flauto, kena, whistle, cromorno, mizwab e ciaramella)<br>Claudia Ducalia (dilruba in &#8220;<em>Canzone Dell&#8217;Eterna Aurora<\/em>&#8220;)<br>Arthuan Rebis (pipes e bouzouki)<br>Simona Pala (cori in &#8220;<em>Della Morte Me Ne Rido<\/em>&#8220;) <\/p>\n<p><\/p>\n<p><strong>Registrazioni a cura di: <\/strong>Andrea Torretta (Project Studios GE) <br><strong>Masterizzazione:<\/strong> Nicola Fantozzi @Red Angela <br><strong>Prodotto da:<\/strong> IANVA <br><strong>Grafica: <\/strong>Dinamo Innesco Rivoluzione<strong><br>Supervisione generale:<\/strong> Massimo Bellucci per &#8220;Antica Fonografia Il Levriero&#8221;<\/p>\n<\/div>\n<\/div>\n\n\n<hr class=\"wp-block-separator\"\/>\n\n\n<h4>Tracklist<\/h4>\n<div class=\"edgtf-album-details-holder\">&nbsp;<\/div>\n<div>&nbsp;<\/div>\n<div class=\"edgtf-track-holder edgtf-unique-track-5749-\"><span class=\"edgtf-track-title\" data-track-index=\"0\"> <span class=\"edgtf-track-number\"> 1. <\/span> Tempus Destruendi<\/span><\/div>\n<div class=\"edgtf-track-holder edgtf-unique-track-5749-\"><span class=\"edgtf-track-title\" data-track-index=\"1\"> <span class=\"edgtf-track-number\"> 2. <\/span> Il Bello Della Sfida<\/span><\/div>\n<div class=\"edgtf-track-holder edgtf-unique-track-5749-\"><span class=\"edgtf-track-title\" data-track-index=\"2\"> <span class=\"edgtf-track-number\"> 3. <\/span> Edelweiss<\/span><\/div>\n<div class=\"edgtf-track-holder edgtf-unique-track-5749-\"><span class=\"edgtf-track-title\" data-track-index=\"3\"> <span class=\"edgtf-track-number\"> 4. <\/span> Alta Via<\/span><\/div>\n<div class=\"edgtf-track-holder edgtf-unique-track-5749-\"><span class=\"edgtf-track-title\" data-track-index=\"4\"> <span class=\"edgtf-track-number\"> 5. <\/span> Sul Mio Sangue<\/span><\/div>\n<div class=\"edgtf-track-holder edgtf-unique-track-5749-\"><span class=\"edgtf-track-title\" data-track-index=\"5\"> <span class=\"edgtf-track-number\"> 6. <\/span> L&#8217;Anarca<\/span><\/div>\n<div class=\"edgtf-track-holder edgtf-unique-track-5749-\"><span class=\"edgtf-track-title\" data-track-index=\"6\"> <span class=\"edgtf-track-number\"> 7. <\/span> Portatori Del Fuoco<\/span><\/div>\n<div class=\"edgtf-track-holder edgtf-unique-track-5749-\"><span class=\"edgtf-track-title\" data-track-index=\"7\"> <span class=\"edgtf-track-number\"> 8. <\/span> Le Stelle E I Fal\u00f2<\/span><\/div>\n<div class=\"edgtf-track-holder edgtf-unique-track-5749-\"><span class=\"edgtf-track-title\" data-track-index=\"8\"> <span class=\"edgtf-track-number\"> 9. <\/span> La Mano Di Gloria<\/span><\/div>\n<div class=\"edgtf-track-holder edgtf-unique-track-5749-\"><span class=\"edgtf-track-title\" data-track-index=\"9\"> <span class=\"edgtf-track-number\"> 10. <\/span> Canzone Dell&#8217;Eterna Aurora<\/span><\/div>\n<div class=\"edgtf-track-holder edgtf-unique-track-5749-\"><span class=\"edgtf-track-title\" data-track-index=\"10\"> <span class=\"edgtf-track-number\"> 11. <\/span> Della Morte Me Ne Rido<\/span><\/div>\n<div class=\"edgtf-track-holder edgtf-unique-track-5749-\"><span class=\"edgtf-track-title\" data-track-index=\"11\"> <span class=\"edgtf-track-number\"> 12. <\/span> Ultima Stazione<\/span><\/div>\n<div class=\"edgtf-track-holder edgtf-unique-track-5749-\"><span class=\"edgtf-track-title\" data-track-index=\"12\"> <span class=\"edgtf-track-number\"> 13. <\/span> Nell&#8217;Ora Dell&#8217;Addio<\/span><\/div>\n<p><\/p>\n\n\n<hr class=\"wp-block-separator\"\/>\n\n\n<h4>Concepto<\/h4>\n<div class=\"edgtf-about-album-content\">\n<div class=\"vc_row wpb_row vc_row-fluid edgtf-section edgtf-content-aligment-left\">\n<div class=\"clearfix edgtf-full-section-inner\">\n<div class=\"wpb_column vc_column_container vc_col-sm-12\">\n<div class=\"vc_column-inner\">\n<div class=\"wpb_wrapper\">\n<div class=\"wpb_text_column wpb_content_element \">\n<div class=\"wpb_wrapper\">\n<div class=\"edgtf-column\">\n<div class=\"edgtf-column-inner\">\n<div class=\"edgtf-about-album-holder\">\n<div class=\"edgtf-about-album-content\">\n<div class=\"vc_row wpb_row vc_row-fluid edgtf-section edgtf-content-aligment-left\">\n<div class=\"clearfix edgtf-full-section-inner\">\n<div class=\"wpb_column vc_column_container vc_col-sm-12\">\n<div class=\"vc_column-inner\">\n<div class=\"wpb_wrapper\">\n<div class=\"wpb_text_column wpb_content_element \">\n<div class=\"wpb_wrapper\">\n<p>Dopo la lunga, inesorabile discesa agli inferi di \u201cItalia Ultimo Atto\u201d, \u00e8 tempo di rialzare la testa.<br>\u201cLa Mano Di Gloria\u201d \u00e8 la cronaca segreta, \u201cvista dalla parte del cuore\u201d, di una sollevazione che \u00e8 allo stesso tempo popolare e aristocratica; che \u00e8 ideazione di pochi, ma \u00e8 votata alla liberazione di tutti. L\u2019estremo colpo di coda di un paese disintegrato, eppure ancora capace di sorprendere.<br>Per ritrovare lo scenario di questa riscossa, \u00e8 stato naturalmente necessario uscire dalla Storia ed entrare nella narrativa. Tratto dall\u2019omonimo romanzo di Mercy, una saga in ben tre volumi, \u201cLa Mano Di Gloria\u201d \u00e8 un concept, ambientato in un futuro pi\u00f9 che prossimo. Un\u2019Italia e un\u2019Europa da incubo, sotto il tallone di un\u2019oligarchia \u201cilluminata\u201d. Un manipolo di temerari, diversissimi per origine e ideologia, ma accomunati da un destino inesorabile, che oseranno sfidare la potenza degli apparati scegliendo deliberatamente l\u2019arma della sovversione estetica.<br>Il protagonista, in testa a una galleria di personaggi che rappresentano altrettante nemesi di un\u2019epoca a un tempo melliflua e disumana, andr\u00e0 incontro a un drammatico destino, come tutti gli sghembi eroi di Mercy. E sar\u00e0 proprio questo, infine, il risvolto pi\u00f9 fecondo della sua creazione.<br>La riduzione a concept album di quella che \u00e8 una vera e propria saga, con intrecci e sottotrame di problematica resa, si concentra quindi sui personaggi principali della vicenda, sulle loro motivazioni e, da ultimo, sull\u2019azione pura e sulla protagonista a monte di questo immaginifico affresco: l\u2019Italia \u201ceterna\u201d, i suoi paesaggi e la sua arte, qui resi monumentali in un vuoto desolato con esiti prossimi alle suggestioni dell\u2019arte metafisica.<br>Il risvolto sonoro dell\u2019operazione \u00e8 ancora una volta all\u2019insegna dell\u2019epicit\u00e0 con forti connotazioni marziali, che non teme di confrontarsi con la tradizione tutta italiana del melodramma. La novit\u00e0 \u00e8 rappresentata dall\u2019approdo a una dimensione fantastica, con risvolti visionari e inquietanti quali non si erano mai ritrovati nell\u2019immaginario di IANVA, che giustifica le pur ben mediate incursioni in territori oscuri e psichedelici, molto pi\u00f9 marcate che in passato.<br>Ben 73 minuti che, grazie all\u2019ormai nota vocazione alla colonna sonora dell\u2019ensemble genovese, non lasciano respiro.<br>L\u2019effetto finale, inquietante e distopico, evoca \u201ctecnologicamente\u201d spettri vecchi di un secolo a guidare le danze di un\u2019apocalisse prossima ventura che IANVA, tuttavia, pare auspicare quale dolorosissima, ma unica possibile via d\u2019uscita da un tempo nel quale \u201c\u00e8 diventato semplicemente impossibile vivere\u201d.<\/p>\n<\/div>\n<\/div>\n<\/div>\n<\/div>\n<\/div>\n<\/div>\n<\/div>\n<\/div>\n<\/div>\n<\/div>\n<\/div>\n<p><span id=\"fbPhotoSnowliftCaption\" class=\"fbPhotosPhotoCaption\" tabindex=\"0\" aria-live=\"polite\" data-ft=\"{&quot;tn&quot;:&quot;K&quot;}\"><span class=\"hasCaption\">&nbsp;Sold out. Mai ristampato<br><\/span><\/span><\/p>\n<p>Note: l&#8217;album anticipava la trilogia libraria &#8220;<em>La Mano Di Gloria<\/em>&#8221; a opera di Renato &#8220;Mercy&#8221; Carpaneto, saga distopica. pubblicata l&#8217;anno successivo e sold out anch&#8217;essa.<\/p>\n<\/div>\n<\/div>\n<\/div>\n<\/div>\n<\/div>\n<\/div>\n<\/div>\n<\/div>\n<p><span class=\"txt\">&nbsp;<\/span><\/p>\n<p><\/p>\n\n\n<hr class=\"wp-block-separator\"\/>\n\n\n\n<div class=\"wp-block-buttons aligncenter is-layout-flex wp-block-buttons-is-layout-flex\">\n<div class=\"wp-block-button is-style-primary\"><a class=\"wp-block-button__link\" href=\"testi-la-mano-di-gloria\" target=\"_blank\" rel=\"noreferrer noopener\">Testi<\/a><\/div>\n\n\n\n<div class=\"wp-block-button is-style-primary\"><a class=\"wp-block-button__link\" href=\"lyrics-la-mano-di-gloria\" target=\"_blank\" rel=\"noreferrer noopener\">LYRICS<\/a><\/div>\n<\/div>\n\n\n\n<hr class=\"wp-block-separator\"\/>\n\n\n<h4>Reviews<\/h4>\n<blockquote>\n<p><em>&#8220;<\/em><span class=\"txt\"><em>&#8230; Un concept-album bello da far male, un accorato squarcio di speranza che brilla come oro nel fango del nostro tempo, &#8216;La Mano Di Gloria&#8217; \u00e8 splendore del vero, la consacrazione della bellezza: 13 canzoni che tutte insieme formano un pamphlet di accenti duri e puri come il cristallo, vette inviolabili di musica baciata dal cielo&#8230; Gli IANVA hanno superato se stessi, l&#8217;estetica dell&#8217;azione ad essi cara \u00e8 ridisegnata nei contorni di un fuoco nero che arde dentro, capace di forgiare sonorit\u00e0 che incalzano fra i pieni, gli adagi e i crescendo di un lessico interiore che ha lo stesso peso specifico di una rivoluzione culturale da abbracciare ora o mai pi\u00f9&#8221;<\/em>.<br><\/span><span class=\"txt\">(Aldo Chimenti &#8211; Rockerilla (I) -Summer 2012) <br><\/span><\/p>\n<\/blockquote>\n<blockquote>\n<p><em>&#8220;Il corredo musicale che ne deriva \u00e8 uno dei pi\u00f9 alti e poderosi messi in campo: la passione folk torna prepotentemente alla pulsione marziale nonch\u00e9 ai suoi intimismi pi\u00f9 agresti e crepuscolari, il tema sinfonico morriconiano pi\u00f9 che mai epico \u00e8 rivestito in frontali andature wave mediterranee e psichedeliche, la linea autorale, pur originandosi da De Andr\u00e9 e Walker, assume ora connotazioni intensamente autonome. Pregevoli &#8220;<\/em> <br>(Stefano Morelli &#8211; Rumore (I) &#8211; 8\/10 &#8211; Summer 2012)<\/p>\n<\/blockquote>\n<blockquote>\n<p><em>&#8220;&#8230; Terzo album di questa splendida band genovese che cammina con passo marziale sulle strade del neo-folk figlio di Death In June e Current 93, contaminato per\u00f2 da rock, canzone d\u2019autore, musica classica, colonne sonore e molto altro: tredici brani di sapore teatrale, all\u2019insegna di un\u2019enfasi mai stucchevole e di un\u2019estrema attenzione per ogni dettaglio, caratterizzati da testi aulici e affascinanti a volte interpretati da\/con Stefania D\u2019Alterio. Ispirato all\u2019omonimo romanzo del leader, ambientato in un prossimo futuro cupo e apocalittico, il nuovo concept del gruppo impone con vellutata energia la sua imponenza severa ma non opprimente, la sua profondit\u00e0, le sue visioni ben sottolineate dalla magnifica confezione. Futili i paragoni con le precedenti prove, perch\u00e8 a regnare \u00e8 ancora la magia&#8221;<\/em><br>(Federico Guglielmi &#8211; Il Mucchio (I) <span class=\"txt\">&#8211; September 2009<\/span>)<\/p>\n<\/blockquote>\n<blockquote>\n<p><em>&#8220;&#8230; Magniloquenti tonalit\u00e0 morriconiane, esaltate al parossismo dai fiati, partecipi ancora nell&#8217;epos se possibile ancor pi\u00f9 travolgente dell&#8217;appassionante &#8216;Edelweiss&#8217;, cos\u00ec come le attese sponde cantautorali toccate da &#8216;Alta via&#8217; e &#8216;L&#8217;anarca&#8217;, l&#8217;essenza retro di &#8216;Sui mio sangue&#8217; e &#8216;Canzone dell&#8217;eterna aurora&#8217; sottolineata, come \u00e8 usuale per IANVA, dalla bella voce della D&#8217;Alterio, cui \u00e8 destinata anche &#8216;Le stelle e i fal\u00f2&#8217;, dai pregiati intarsi di folk ancestrale, la descrittiva potenza di &#8216;Portatori del fuoco&#8217;, la marzialit\u00e0 noir di &#8216;Della morte me ne rido&#8217;. Ottimi.&#8221;<\/em><br>(Paolo Bertoni- Blow Up (I) <span class=\"txt\">-2012<\/span>)<\/p>\n<\/blockquote>\n\n\n<p><\/p>\n","protected":false},"excerpt":{"rendered":"<p>Artist: IANVA Label: Antica Fonografia Il LevrieroTipologia: Digibook CD + Slipcase Release Date: 02\/06\/2012 Genres: Chanson, Dark Cabaret, Italian, Italian Cabaret Melodrama, Martial, Neofolk, Neoclassical, Old Fashioned, Songwriter, Soundtrack Personnel&nbsp; Mercy: voce, liriche, musiche, concepto (tratto dala trilogia &#8220;La Mano Di Gloria&#8220;), arrangiamenti, cori Stefania T. D\u2019Alterio: voce, coriFabio Carfagna: chitarra acustica, chitarra elettrica, musiche,&hellip;&nbsp;<a href=\"https:\/\/www.illevriero.it\/new\/la-mano-di-gloria\/\" rel=\"bookmark\">Leggi tutto &raquo;<span class=\"screen-reader-text\">LA MANO DI GLORIA<\/span><\/a><\/p>\n","protected":false},"author":2,"featured_media":0,"parent":0,"menu_order":0,"comment_status":"closed","ping_status":"open","template":"","meta":{"_uag_custom_page_level_css":"","advgb_blocks_editor_width":"","advgb_blocks_columns_visual_guide":"","kk_blocks_editor_width":"","_kiokenblocks_attr":"","_kiokenblocks_dimensions":"","neve_meta_sidebar":"","neve_meta_container":"","neve_meta_enable_content_width":"off","neve_meta_content_width":0,"neve_meta_title_alignment":"","neve_meta_author_avatar":"","neve_post_elements_order":"","neve_meta_disable_header":"","neve_meta_disable_footer":"","neve_meta_disable_title":"","_themeisle_gutenberg_block_has_review":false,"footnotes":""},"class_list":["post-173","page","type-page","status-publish","hentry"],"featured_image_src":null,"featured_image_src_square":null,"uagb_featured_image_src":{"full":false,"thumbnail":false,"medium":false,"medium_large":false,"large":false,"1536x1536":false,"2048x2048":false,"ab-block-post-grid-landscape":false,"ab-block-post-grid-square":false,"neve-blog":false},"uagb_author_info":{"display_name":"Amministratore","author_link":"https:\/\/www.illevriero.it\/new\/author\/amministratore\/"},"uagb_comment_info":0,"uagb_excerpt":"Artist: IANVA Label: Antica Fonografia Il LevrieroTipologia: Digibook CD + Slipcase Release Date: 02\/06\/2012 Genres: Chanson, Dark Cabaret, Italian, Italian Cabaret Melodrama, Martial, Neofolk, Neoclassical, Old Fashioned, Songwriter, Soundtrack Personnel&nbsp; Mercy: voce, liriche, musiche, concepto (tratto dala trilogia &#8220;La Mano Di Gloria&#8220;), arrangiamenti, cori Stefania T. D\u2019Alterio: voce, coriFabio Carfagna: chitarra acustica, chitarra elettrica, musiche,&hellip;&nbsp;Leggi&hellip;","coauthors":[],"author_meta":{"author_link":"https:\/\/www.illevriero.it\/new\/author\/amministratore\/","display_name":"Amministratore"},"relative_dates":{"created":"Pubblicato 6 anni fa","modified":"Aggiornato 6 anni fa"},"absolute_dates":{"created":"Pubblicato il 20\/06\/2020","modified":"Aggiornato il 02\/07\/2020"},"absolute_dates_time":{"created":"Pubblicato il 20\/06\/2020 17:00","modified":"Aggiornato il 02\/07\/2020 23:17"},"featured_img_caption":"","featured_img":false,"series_order":"","_links":{"self":[{"href":"https:\/\/www.illevriero.it\/new\/wp-json\/wp\/v2\/pages\/173","targetHints":{"allow":["GET"]}}],"collection":[{"href":"https:\/\/www.illevriero.it\/new\/wp-json\/wp\/v2\/pages"}],"about":[{"href":"https:\/\/www.illevriero.it\/new\/wp-json\/wp\/v2\/types\/page"}],"author":[{"embeddable":true,"href":"https:\/\/www.illevriero.it\/new\/wp-json\/wp\/v2\/users\/2"}],"replies":[{"embeddable":true,"href":"https:\/\/www.illevriero.it\/new\/wp-json\/wp\/v2\/comments?post=173"}],"version-history":[{"count":3,"href":"https:\/\/www.illevriero.it\/new\/wp-json\/wp\/v2\/pages\/173\/revisions"}],"predecessor-version":[{"id":438,"href":"https:\/\/www.illevriero.it\/new\/wp-json\/wp\/v2\/pages\/173\/revisions\/438"}],"wp:attachment":[{"href":"https:\/\/www.illevriero.it\/new\/wp-json\/wp\/v2\/media?parent=173"}],"curies":[{"name":"wp","href":"https:\/\/api.w.org\/{rel}","templated":true}]}}